{"id":24267,"date":"2025-03-26T20:25:29","date_gmt":"2025-03-26T19:25:29","guid":{"rendered":"https:\/\/www.autismomalaga.org\/web\/?page_id=24267"},"modified":"2025-03-27T00:12:45","modified_gmt":"2025-03-26T23:12:45","slug":"logopedia-2","status":"publish","type":"page","link":"https:\/\/www.autismomalaga.org\/web\/?page_id=24267","title":{"rendered":"Historia"},"content":{"rendered":"\n<div style=\"padding-left: 20px; padding-right: 20px;\">\n    <h2 style=\"font-size: 28px; font-weight: bold; color: #33cccc; margin-bottom: 20px; text-align: left;\">Historia<\/h2>\n\n    <p>Desde finales de los a\u00f1os 80, los padres de la Asociaci\u00f3n \u00abAutismo M\u00e1laga\u00bb pusieron en marcha un proyecto surgido ante la inquietud generada por la falta de recursos residenciales adecuados para las personas adultas con Trastornos del Espectro Autista. Este proyecto se concreta en un dise\u00f1o arquitect\u00f3nico que se empezar\u00e1 a construir en la siguiente d\u00e9cada en una parcela cedida en precario por el Excmo. Ayuntamiento de M\u00e1laga. Durante los \u00faltimos a\u00f1os del pasado siglo se realizaron las gestiones (subvenciones, convenios y patrocinios) que permitieron ejecutar las obras con la cofinanciaci\u00f3n de diferentes Administraciones P\u00fablicas, Entidades Privadas y la aportaci\u00f3n de la propia Asociaci\u00f3n Autismo M\u00e1laga.<\/p>\n\n    <p>Concluidas, casi por completo las obras en el a\u00f1o 2007, se inicio el equipamiento de ambos servicios, al tiempo que surgieron los primeros contactos con la Delegaci\u00f3n Provincial de Asuntos Sociales para la correcta concertaci\u00f3n de las plazas disponibles, concluyendo con la firma de un convenio de colaboraci\u00f3n entre la Asociaci\u00f3n de Padres de Ni\u00f1os y Adultos Autistas de M\u00e1laga y la citada Delegaci\u00f3n Provincial para la concertaci\u00f3n de 20 de las 22 plazas disponibles.<\/p>\n\n    <p>Desde junio de 2007 la Unidad de Estancia Diurna que la Asociaci\u00f3n pose\u00eda ubicada en el Centro Quinta Alegre se traslada al Centro Pinares, cesando de forma gradual la actividad en el citado centro e inici\u00e1ndose en el nuevo centro Pinares. Paralelamente se convocaron reuniones con los socios de nuestra entidad con el fin de asesorarles y acompa\u00f1arles en la solicitud de las plazas de nueva ocupaci\u00f3n y\/o traslado para sus hijos\/as.<\/p>\n\n\n    <p>A finales de febrero del a\u00f1o 2008, el Centro Pinares encontraba en condiciones para acoger a sus futuros usuarios con todas las gestiones administrativas y t\u00e9cnicas ejecutadas. Inici\u00e1ndose as\u00ed proceso de contrataci\u00f3n del Staff T\u00e9cnico para la correcta puesta en marcha y operatividad del Centro Pinares.<\/p>\n\n    <p>A lo largo de los dos meses posteriores se procedi\u00f3 a la contrataci\u00f3n del resto del personal y a la organizaci\u00f3n interna del mismo. Desde el d\u00eda 5 de mayo del a\u00f1o 2008 se inicia, de forma escalonada, la acogida e ingreso de los usuarios a los que se les hab\u00eda concedido una plaza culminando dicho proceso en noviembre del pasado a\u00f1o con la ocupaci\u00f3n total de las plazas concertadas, as\u00ed como la ocupaci\u00f3n a tiempo parcial de las 2 plazas privadas.<\/p>\n\n    <p>Aunque los primeros usuarios se incorporaron a primeros del mes de mayo, la inauguraci\u00f3n oficial del centro se realiz\u00f3 el d\u00eda 4 de Julio de 2008 con la asistencia de numerosas personalidades, destacando entre ellas: D\u00f1a. Micaela Navarro Garz\u00f3n, Excma. Sra. Consejera para la Igualdad y el Bienestar Social de la Junta de Andaluc\u00eda. D. Francisco de la Torre Prados, Excmo. Sr. Alcalde de M\u00e1laga. D\u00f1a. Mercedes S\u00e1nchez Mayoral-Posadas, Directora T\u00e9cnica del Real Patronato sobre la Discapacidad. As\u00ed como numerosos Concejales del Ayto. de M\u00e1laga, Diputados, Presidentes de organizaciones relacionadas con el mundo del autismo y el mundo asociativo, etc.<\/p>\n\n\n    <p>Desde enero de 2009 alcanz\u00f3 la ocupaci\u00f3n total del centro, pasando una de las plazas privadas a concertada, manteni\u00e9ndose la segunda de ellas como privada, esto unido a la poca demanda de usuarios de unidad de d\u00eda, motivado por factores ex\u00f3genos a la din\u00e1mica del centro de d\u00eda (crisis econ\u00f3mica), hacen que la Junta Directiva de la Asociaci\u00f3n de Padres de Ni\u00f1os y adultos autistas de M\u00e1laga, propietaria del centro, planten la ya mencionada posibilidad de acreditar nuevas plazas de residencia en detrimento de las de unidad de Estancia diurna no ocupadas, as\u00ed a lo largo del a\u00f1o 2010 se alcanza una ocupaci\u00f3n de 9 de las 11 plazas ofertadas en unidad de estancia diurna y 23 de las 26 ofertadas en r\u00e9gimen de residencia.<\/p>\n\n    <p>Durante el a\u00f1o 2010 el Centro \u00abPinares\u00bb ha iniciado el camino hacia la excelencia con la solicitud ante la unidad de calidad de la Consejer\u00eda para la Igualdad y el Bienestar Social de la Junta de Andaluc\u00eda de la evaluaci\u00f3n para la acreditaci\u00f3n del modelo de gesti\u00f3n de la calidad de la citada Consejer\u00eda, al tiempo que se plantea la acreditaci\u00f3n oficial del modelo EFQM en su sello 200+.<\/p>\n\n    <p>En la actualidad el Centro Pinares se encuentra a pleno rendimiento no existiendo posibilidad de ampliar nuevas plazas en ellas se garantizar\u00e1 la atenci\u00f3n integral de los\/as residentes en el conjunto de sus necesidades b\u00e1sicas que se concretan en los siguientes servicios:<\/p>\n\n    <ul>\n        <li>Alojamiento.<\/li>\n        <li>Manutenci\u00f3n.<\/li>\n        <li>Higiene personal y aseo diariamente y cada vez que las circunstancias lo exijan.<\/li>\n        <li>Ayuda en la realizaci\u00f3n de aquellas actividades que no puedan realizar por s\u00ed mismos.<\/li>\n        <li>Atenci\u00f3n psicol\u00f3gica, m\u00e9dico-sanitaria y social, mediante personal propio o ajeno de los servicios sanitarios de la Seguridad Social y de los Servicios Sociales Comunitarios.<\/li>\n    <\/ul>\n\n    <hr>\n\n    <p><strong>Principios rectores de toda la actuaci\u00f3n:<\/strong><\/p>\n    <ul>\n        <li>La Seguridad de los usuarios\/as.<\/li>\n        <li>La Felicidad de los usuarios\/as.<\/li>\n        <li>La Ocupaci\u00f3n\/calidad de vida de los usuarios\/as.<\/li>\n    <\/ul>\n\n    <p><strong>Derechos de los residentes:<\/strong><\/p>\n    <ul>\n        <li>A participar y ser o\u00eddos, por s\u00ed o por sus representantes legales, en aquellas decisiones o medidas relacionadas con la atenci\u00f3n que han de recibir en ellos.<\/li>\n        <li>A un trato digno, tanto por parte del personal del centro o servicio como de los\/as otros\/as usuarios\/as.<\/li>\n        <li>Al secreto profesional de los datos de su historia sanitaria y social.<\/li>\n        <li>A mantener relaciones interpersonales, incluso el derecho a recibir visitas, siendo obligaci\u00f3n de la Direcci\u00f3n del Centro promover las relaciones peri\u00f3dicas con sus familiares o tutores.<\/li>\n        <li>A una atenci\u00f3n individualizada acorde con sus necesidades espec\u00edficas.<\/li>\n        <li>A la m\u00e1xima intimidad y privacidad, siendo necesario hacer compatible este derecho con las exigencias derivadas de la protecci\u00f3n de su vida, de su salud y de su seguridad.<\/li>\n        <li>A que se les facilite las prestaciones sanitarias, formativas, recreativas y similares, as\u00ed como a la satisfacci\u00f3n de las necesidades que sean imprescindibles para conseguir un adecuado desarrollo personal.<\/li>\n        <li>A cesar en la utilizaci\u00f3n de los servicios o en la permanencia en el Centro por voluntad propia o de sus representantes legales, sin perjuicio de los supuestos que la permanencia en el Centro est\u00e9 sometida a decisi\u00f3n judicial.<\/li>\n    <\/ul>\n\n    <hr>\n\n    <p>Para la consecuci\u00f3n de estos objetivos se han llevado a cabo numerosas actividades dise\u00f1adas por los miembros del Staff T\u00e9cnico y en coordinaci\u00f3n con el resto de las personas que trabajan en este centro, a su vez han sido desglosadas en tareas ejecutadas por las diferentes categor\u00edas profesionales que desempe\u00f1an su labor profesional en la Residencia. Entre otras destacamos:<\/p>\n\n    <ul>\n        <li>Elaboraci\u00f3n de protocolos de los procesos clave.<\/li>\n        <li>Acogida, ingreso y adaptaci\u00f3n de los usuarios.<\/li>\n        <li>Elaboraci\u00f3n de programas individuales de atenci\u00f3n.<\/li>\n        <li>Supervisi\u00f3n y garant\u00eda de la correcta manutenci\u00f3n, alojamiento, higiene y aseo de los usuarios en funci\u00f3n de las necesidades individuales de los mismos.<\/li>\n        <li>Atenci\u00f3n psicol\u00f3gica (programas de atenci\u00f3n individual y conductual).<\/li>\n        <li>Atenci\u00f3n m\u00e9dico sanitaria: Tramitaci\u00f3n de cobertura sanitaria, acompa\u00f1amiento y seguimiento de tratamientos m\u00e9dicos quir\u00fargicos, etc.<\/li>\n        <li>Atenci\u00f3n social: tramitaci\u00f3n de prestaciones y recursos.<\/li>\n        <li>Elaboraci\u00f3n de expediente individual.<\/li>\n        <li>Estructuraci\u00f3n del ocio y el tiempo libre de los usuarios.<\/li>\n        <li>Mantenimiento de la comunicaci\u00f3n con las familias.<\/li>\n        <li>Mantenimiento de las instalaciones y equipamiento del centro.<\/li>\n        <li>Elaboraci\u00f3n y mantenimiento de horarios del centro.<\/li>\n        <li>Administraci\u00f3n y gesti\u00f3n del centro.<\/li>\n        <li>Mantenimiento de las condiciones funcionales, materiales y de recursos humanos establecidas en el pliego de condiciones del concierto.<\/li>\n        <li>Potenciaci\u00f3n y registro de los contactos mantenidos entre usuarios y familiares y r\u00e9gimen de visita y vacaciones.<\/li>\n    <\/ul>\n\n    <div class=\"footer\">\n        <p>Copyright \u00a9 2024 Autismo M\u00e1laga.<\/p>\n    <\/div>\n<\/div>\n\n\n\n<p><\/p>\n","protected":false},"excerpt":{"rendered":"<p>Historia Desde finales de los a\u00f1os 80, los padres de la Asociaci\u00f3n \u00abAutismo M\u00e1laga\u00bb pusieron en marcha un proyecto surgido ante la inquietud generada por la falta de recursos residenciales [&hellip;]<\/p>\n","protected":false},"author":1,"featured_media":0,"parent":0,"menu_order":0,"comment_status":"open","ping_status":"open","template":"","meta":{"give_campaign_id":0,"ngg_post_thumbnail":0,"_EventAllDay":false,"_EventTimezone":"","_EventStartDate":"","_EventEndDate":"","_EventStartDateUTC":"","_EventEndDateUTC":"","_EventShowMap":false,"_EventShowMapLink":false,"_EventURL":"","_EventCost":"","_EventCostDescription":"","_EventCurrencySymbol":"","_EventCurrencyCode":"","_EventCurrencyPosition":"","_EventDateTimeSeparator":"","_EventTimeRangeSeparator":"","_EventOrganizerID":[],"_EventVenueID":[],"_OrganizerEmail":"","_OrganizerPhone":"","_OrganizerWebsite":"","_VenueAddress":"","_VenueCity":"","_VenueCountry":"","_VenueProvince":"","_VenueState":"","_VenueZip":"","_VenuePhone":"","_VenueURL":"","_VenueStateProvince":"","_VenueLat":"","_VenueLng":"","_VenueShowMap":false,"_VenueShowMapLink":false,"footnotes":""},"class_list":["post-24267","page","type-page","status-publish","hentry"],"campaignId":"","jetpack_sharing_enabled":true,"_links":{"self":[{"href":"https:\/\/www.autismomalaga.org\/web\/index.php?rest_route=\/wp\/v2\/pages\/24267","targetHints":{"allow":["GET"]}}],"collection":[{"href":"https:\/\/www.autismomalaga.org\/web\/index.php?rest_route=\/wp\/v2\/pages"}],"about":[{"href":"https:\/\/www.autismomalaga.org\/web\/index.php?rest_route=\/wp\/v2\/types\/page"}],"author":[{"embeddable":true,"href":"https:\/\/www.autismomalaga.org\/web\/index.php?rest_route=\/wp\/v2\/users\/1"}],"replies":[{"embeddable":true,"href":"https:\/\/www.autismomalaga.org\/web\/index.php?rest_route=%2Fwp%2Fv2%2Fcomments&post=24267"}],"version-history":[{"count":12,"href":"https:\/\/www.autismomalaga.org\/web\/index.php?rest_route=\/wp\/v2\/pages\/24267\/revisions"}],"predecessor-version":[{"id":24452,"href":"https:\/\/www.autismomalaga.org\/web\/index.php?rest_route=\/wp\/v2\/pages\/24267\/revisions\/24452"}],"wp:attachment":[{"href":"https:\/\/www.autismomalaga.org\/web\/index.php?rest_route=%2Fwp%2Fv2%2Fmedia&parent=24267"}],"curies":[{"name":"wp","href":"https:\/\/api.w.org\/{rel}","templated":true}]}}