{"id":49,"date":"2014-03-03T09:26:16","date_gmt":"2014-03-03T09:26:16","guid":{"rendered":"http:\/\/www.autismomalaga.org\/wordpress\/?page_id=49"},"modified":"2014-05-29T11:33:25","modified_gmt":"2014-05-29T11:33:25","slug":"el-centro","status":"publish","type":"page","link":"https:\/\/www.autismomalaga.org\/web\/?page_id=49","title":{"rendered":"El centro"},"content":{"rendered":"<p>[et_pb_section background_color=\u00bb#9c53ad\u00bb inner_shadow=\u00bboff\u00bb parallax=\u00bboff\u00bb][et_pb_row][et_pb_column type=\u00bb4_4&#8243;][et_pb_text admin_label=\u00bbText\u00bb background_layout=\u00bbdark\u00bb text_orientation=\u00bbleft\u00bb]<\/p>\n<p><span style=\"font-size: x-large;\"><strong>El centro<\/strong><\/span><\/p>\n<p>[\/et_pb_text][\/et_pb_column][\/et_pb_row][\/et_pb_section][et_pb_section fullwidth=\u00bboff\u00bb][et_pb_row][et_pb_column type=\u00bb1_2&#8243;][et_pb_text admin_label=\u00bbText\u00bb background_layout=\u00bblight\u00bb text_orientation=\u00bbleft\u00bb]<\/p>\n<p style=\"text-align: justify;\">El Centro \u201cQuinta Alegre\u201d de la Asociaci\u00f3n Autismo M\u00e1laga est\u00e1 ubicado en la C\/Juan Franc\u00e9s Bosca n\u00ba11, 29010 de M\u00e1laga. El Centro fue cedido a esta Entidad, hace m\u00e1s de 15 a\u00f1os, por la Gerencia Municipal de Urbanismo, Obras e Infraestructuras del Excmo. Ayto. de M\u00e1laga y tras mucho trabajo, esfuerzo y dedicaci\u00f3n actualmente dispone de las siguientes instalaciones:<\/p>\n<p style=\"text-align: justify;\"><img loading=\"lazy\" decoding=\"async\" alt=\"arrowdercolor\" src=\"http:\/\/www.autismomalaga.org\/web\/wp-content\/uploads\/2014\/03\/arrowdercolor.jpg\" width=\"11\" height=\"13\" \/>\u00a0Patio exterior con jard\u00edn y zona de juegos<br \/><span style=\"line-height: 1.5em;\"><img loading=\"lazy\" decoding=\"async\" alt=\"arrowdercolor\" src=\"http:\/\/www.autismomalaga.org\/web\/wp-content\/uploads\/2014\/03\/arrowdercolor.jpg\" width=\"11\" height=\"13\" \/><\/span>\u00a0<span style=\"line-height: 1.5em;\">\u00a0<\/span><span style=\"line-height: 1.5em;\">Cocina<br \/><\/span><img loading=\"lazy\" decoding=\"async\" alt=\"arrowdercolor\" src=\"http:\/\/www.autismomalaga.org\/web\/wp-content\/uploads\/2014\/03\/arrowdercolor.jpg\" width=\"11\" height=\"13\" \/>\u00a0<span style=\"line-height: 1.5em;\">\u00a0<\/span><span style=\"line-height: 1.5em;\">3 ba\u00f1os<br \/><\/span><span style=\"line-height: 1.5em;\"><img loading=\"lazy\" decoding=\"async\" alt=\"arrowdercolor\" src=\"http:\/\/www.autismomalaga.org\/web\/wp-content\/uploads\/2014\/03\/arrowdercolor.jpg\" width=\"11\" height=\"13\" \/> 2 dormitorios<br \/><\/span><span style=\"line-height: 1.5em;\"><img loading=\"lazy\" decoding=\"async\" alt=\"arrowdercolor\" src=\"http:\/\/www.autismomalaga.org\/web\/wp-content\/uploads\/2014\/03\/arrowdercolor.jpg\" width=\"11\" height=\"13\" \/>\u00a0 Un sal\u00f3n y sala de espera<br \/><\/span><span style=\"line-height: 1.5em;\"><img loading=\"lazy\" decoding=\"async\" alt=\"arrowdercolor\" src=\"http:\/\/www.autismomalaga.org\/web\/wp-content\/uploads\/2014\/03\/arrowdercolor.jpg\" width=\"11\" height=\"13\" \/>\u00a0 Un aula de logopedia<br \/><\/span><span style=\"line-height: 1.5em;\"><img loading=\"lazy\" decoding=\"async\" alt=\"arrowdercolor\" src=\"http:\/\/www.autismomalaga.org\/web\/wp-content\/uploads\/2014\/03\/arrowdercolor.jpg\" width=\"11\" height=\"13\" \/>\u00a0 Despacho de la Psic\u00f3loga<br \/><\/span><span style=\"line-height: 1.5em;\"><img loading=\"lazy\" decoding=\"async\" alt=\"arrowdercolor\" src=\"http:\/\/www.autismomalaga.org\/web\/wp-content\/uploads\/2014\/03\/arrowdercolor.jpg\" width=\"11\" height=\"13\" \/>\u00a0 3 aulas para terapia, actividades de grupo y musicoterapia<br \/><\/span><img loading=\"lazy\" decoding=\"async\" alt=\"arrowdercolor\" src=\"http:\/\/www.autismomalaga.org\/web\/wp-content\/uploads\/2014\/03\/arrowdercolor.jpg\" width=\"11\" height=\"13\" \/>\u00a0<span style=\"line-height: 1.5em;\">\u00a0Un aula de Atenci\u00f3n Temprana<br \/><\/span><span style=\"line-height: 1.5em;\"><img loading=\"lazy\" decoding=\"async\" alt=\"arrowdercolor\" src=\"http:\/\/www.autismomalaga.org\/web\/wp-content\/uploads\/2014\/03\/arrowdercolor.jpg\" width=\"11\" height=\"13\" \/> Un despacho<br \/><\/span><span style=\"line-height: 1.5em;\"><img loading=\"lazy\" decoding=\"async\" alt=\"arrowdercolor\" src=\"http:\/\/www.autismomalaga.org\/web\/wp-content\/uploads\/2014\/03\/arrowdercolor.jpg\" width=\"11\" height=\"13\" \/>\u00a0Una sala polivalente y de reuniones<\/span><\/p>\n<p>&nbsp;<\/p>\n<p>[\/et_pb_text][\/et_pb_column][et_pb_column type=\u00bb1_2&#8243;][et_pb_text admin_label=\u00bbText\u00bb background_layout=\u00bblight\u00bb text_orientation=\u00bbleft\u00bb]<\/p>\n<p style=\"text-align: justify;\">El Centro est\u00e1 equipado con materiales especiales y adaptados a las caracter\u00edsticas y necesidades de las personas que hacen uso de cada una de las instalaciones. Estamos trabajando en la accesibilidad y eliminaci\u00f3n de barreras arquitect\u00f3nicas tanto f\u00edsicas como visuales y cognitivas, y actualmente nuestro proyecto est\u00e1 pr\u00e1cticamente terminado.<\/p>\n<p style=\"text-align: justify;\">En este Centro se llevan a cabo la mayor\u00eda de los servicios que presta Autismo M\u00e1laga y adem\u00e1s est\u00e1 ubicada la Sede Social de la Entidad que la forma un equipo interdisciplinar encuadrado en los siguientes departamentos:<\/p>\n<p style=\"text-align: justify;\">\u00a0<img loading=\"lazy\" decoding=\"async\" alt=\"arrowdercolor\" src=\"http:\/\/www.autismomalaga.org\/web\/wp-content\/uploads\/2014\/03\/arrowdercolor.jpg\" width=\"11\" height=\"13\" \/>\u00a0Direcci\u00f3n<br \/>\u00a0<img loading=\"lazy\" decoding=\"async\" alt=\"arrowdercolor\" src=\"http:\/\/www.autismomalaga.org\/web\/wp-content\/uploads\/2014\/03\/arrowdercolor.jpg\" width=\"11\" height=\"13\" \/>\u00a0Trabajo Social<br \/>\u00a0<img loading=\"lazy\" decoding=\"async\" alt=\"arrowdercolor\" src=\"http:\/\/www.autismomalaga.org\/web\/wp-content\/uploads\/2014\/03\/arrowdercolor.jpg\" width=\"11\" height=\"13\" \/>\u00a0Psicolog\u00eda<br \/>\u00a0<img loading=\"lazy\" decoding=\"async\" alt=\"arrowdercolor\" src=\"http:\/\/www.autismomalaga.org\/web\/wp-content\/uploads\/2014\/03\/arrowdercolor.jpg\" width=\"11\" height=\"13\" \/>\u00a0Administraci\u00f3n<br \/>\u00a0<img loading=\"lazy\" decoding=\"async\" alt=\"arrowdercolor\" src=\"http:\/\/www.autismomalaga.org\/web\/wp-content\/uploads\/2014\/03\/arrowdercolor.jpg\" width=\"11\" height=\"13\" \/>\u00a0\u00a0Contabilidad<br \/>\u00a0<img loading=\"lazy\" decoding=\"async\" alt=\"arrowdercolor\" src=\"http:\/\/www.autismomalaga.org\/web\/wp-content\/uploads\/2014\/03\/arrowdercolor.jpg\" width=\"11\" height=\"13\" \/>\u00a0Limpieza y mantenimiento<\/p>\n<p style=\"text-align: justify;\">La Sede es el n\u00facleo central desde el que se gestiona la Entidad y a trav\u00e9s del cual nos aseguramos la viabilidad t\u00e9cnica y econ\u00f3mica de todos los servicios que se prestan.<\/p>\n<p>&nbsp;<\/p>\n<p>[\/et_pb_text][\/et_pb_column][\/et_pb_row][et_pb_row][et_pb_column type=\u00bb4_4&#8243;][et_pb_text admin_label=\u00bbText\u00bb background_layout=\u00bblight\u00bb text_orientation=\u00bbcenter\u00bb]<\/p>\n<p><!-- index.php -->\n<div\n\tclass=\"ngg-galleryoverview\n\t ngg-ajax-pagination-none\t\"\n\tid=\"ngg-gallery-484d9359f42934b54a6263c3dbf67aa7-1\">\n\n\t\t\t<!-- Thumbnails -->\n\t\t\t\t<div id=\"ngg-image-0\" class=\"ngg-gallery-thumbnail-box\"\n\t\t\t\t\t\t\t\t\t\t\t>\n\t\t\t\t\t\t<div class=\"ngg-gallery-thumbnail\">\n\t\t\t<a href=\"https:\/\/www.autismomalaga.org\/web\/wp-content\/gallery\/centro-quintas-alegre\/SEDE-SOCIAL-2_600_304.jpg\"\n\t\t\t\ttitle=\"\"\n\t\t\t\tdata-src=\"https:\/\/www.autismomalaga.org\/web\/wp-content\/gallery\/centro-quintas-alegre\/SEDE-SOCIAL-2_600_304.jpg\"\n\t\t\t\tdata-thumbnail=\"https:\/\/www.autismomalaga.org\/web\/wp-content\/gallery\/centro-quintas-alegre\/thumbs\/thumbs_SEDE-SOCIAL-2_600_304.jpg\"\n\t\t\t\tdata-image-id=\"6\"\n\t\t\t\tdata-title=\"SEDE SOCIAL 2_600_304\"\n\t\t\t\tdata-description=\"\"\n\t\t\t\tdata-image-slug=\"sede-social-2_600_304\"\n\t\t\t\t\t\t\t\t\t\t\t\t\t\t\t\t\t\t\t\tclass=\"ngg-fancybox\" rel=\"484d9359f42934b54a6263c3dbf67aa7\">\n\t\t\t\t\t\t\t\t<img\n\t\t\t\t\ttitle=\"SEDE SOCIAL 2_600_304\"\n\t\t\t\t\talt=\"SEDE SOCIAL 2_600_304\"\n\t\t\t\t\tsrc=\"https:\/\/www.autismomalaga.org\/web\/wp-content\/gallery\/centro-quintas-alegre\/thumbs\/thumbs_SEDE-SOCIAL-2_600_304.jpg\"\n\t\t\t\t\twidth=\"120\"\n\t\t\t\t\theight=\"90\"\n\t\t\t\t\tstyle=\"max-width:100%;\"\n\t\t\t\t\/>\n\t\t\t<\/a>\n\t\t<\/div>\n\t\t\t\t\t\t\t<\/div>\n\t\t\t\n\t\t\n\t\t\t\t<div id=\"ngg-image-1\" class=\"ngg-gallery-thumbnail-box\"\n\t\t\t\t\t\t\t\t\t\t\t>\n\t\t\t\t\t\t<div class=\"ngg-gallery-thumbnail\">\n\t\t\t<a href=\"https:\/\/www.autismomalaga.org\/web\/wp-content\/gallery\/centro-quintas-alegre\/AULA-DE-AT-3_600_304.jpg\"\n\t\t\t\ttitle=\" \"\n\t\t\t\tdata-src=\"https:\/\/www.autismomalaga.org\/web\/wp-content\/gallery\/centro-quintas-alegre\/AULA-DE-AT-3_600_304.jpg\"\n\t\t\t\tdata-thumbnail=\"https:\/\/www.autismomalaga.org\/web\/wp-content\/gallery\/centro-quintas-alegre\/thumbs\/thumbs_AULA-DE-AT-3_600_304.jpg\"\n\t\t\t\tdata-image-id=\"7\"\n\t\t\t\tdata-title=\"AULA DE AT 3_600_304\"\n\t\t\t\tdata-description=\" \"\n\t\t\t\tdata-image-slug=\"aula-de-at-3_600_304\"\n\t\t\t\t\t\t\t\t\t\t\t\t\t\t\t\t\t\t\t\tclass=\"ngg-fancybox\" rel=\"484d9359f42934b54a6263c3dbf67aa7\">\n\t\t\t\t\t\t\t\t<img\n\t\t\t\t\ttitle=\"AULA DE AT 3_600_304\"\n\t\t\t\t\talt=\"AULA DE AT 3_600_304\"\n\t\t\t\t\tsrc=\"https:\/\/www.autismomalaga.org\/web\/wp-content\/gallery\/centro-quintas-alegre\/thumbs\/thumbs_AULA-DE-AT-3_600_304.jpg\"\n\t\t\t\t\twidth=\"120\"\n\t\t\t\t\theight=\"90\"\n\t\t\t\t\tstyle=\"max-width:100%;\"\n\t\t\t\t\/>\n\t\t\t<\/a>\n\t\t<\/div>\n\t\t\t\t\t\t\t<\/div>\n\t\t\t\n\t\t\n\t\t\t\t<div id=\"ngg-image-2\" class=\"ngg-gallery-thumbnail-box\"\n\t\t\t\t\t\t\t\t\t\t\t>\n\t\t\t\t\t\t<div class=\"ngg-gallery-thumbnail\">\n\t\t\t<a href=\"https:\/\/www.autismomalaga.org\/web\/wp-content\/gallery\/centro-quintas-alegre\/AULA-DE-AT-4_600_304.jpg\"\n\t\t\t\ttitle=\" \"\n\t\t\t\tdata-src=\"https:\/\/www.autismomalaga.org\/web\/wp-content\/gallery\/centro-quintas-alegre\/AULA-DE-AT-4_600_304.jpg\"\n\t\t\t\tdata-thumbnail=\"https:\/\/www.autismomalaga.org\/web\/wp-content\/gallery\/centro-quintas-alegre\/thumbs\/thumbs_AULA-DE-AT-4_600_304.jpg\"\n\t\t\t\tdata-image-id=\"8\"\n\t\t\t\tdata-title=\"AULA DE AT 4_600_304\"\n\t\t\t\tdata-description=\" \"\n\t\t\t\tdata-image-slug=\"aula-de-at-4_600_304\"\n\t\t\t\t\t\t\t\t\t\t\t\t\t\t\t\t\t\t\t\tclass=\"ngg-fancybox\" rel=\"484d9359f42934b54a6263c3dbf67aa7\">\n\t\t\t\t\t\t\t\t<img\n\t\t\t\t\ttitle=\"AULA DE AT 4_600_304\"\n\t\t\t\t\talt=\"AULA DE AT 4_600_304\"\n\t\t\t\t\tsrc=\"https:\/\/www.autismomalaga.org\/web\/wp-content\/gallery\/centro-quintas-alegre\/thumbs\/thumbs_AULA-DE-AT-4_600_304.jpg\"\n\t\t\t\t\twidth=\"120\"\n\t\t\t\t\theight=\"90\"\n\t\t\t\t\tstyle=\"max-width:100%;\"\n\t\t\t\t\/>\n\t\t\t<\/a>\n\t\t<\/div>\n\t\t\t\t\t\t\t<\/div>\n\t\t\t\n\t\t\n\t\t\t\t<div id=\"ngg-image-3\" class=\"ngg-gallery-thumbnail-box\"\n\t\t\t\t\t\t\t\t\t\t\t>\n\t\t\t\t\t\t<div class=\"ngg-gallery-thumbnail\">\n\t\t\t<a href=\"https:\/\/www.autismomalaga.org\/web\/wp-content\/gallery\/centro-quintas-alegre\/AULA-DE-ATENCION-TEMPRANA-1_600_304.jpg\"\n\t\t\t\ttitle=\" \"\n\t\t\t\tdata-src=\"https:\/\/www.autismomalaga.org\/web\/wp-content\/gallery\/centro-quintas-alegre\/AULA-DE-ATENCION-TEMPRANA-1_600_304.jpg\"\n\t\t\t\tdata-thumbnail=\"https:\/\/www.autismomalaga.org\/web\/wp-content\/gallery\/centro-quintas-alegre\/thumbs\/thumbs_AULA-DE-ATENCION-TEMPRANA-1_600_304.jpg\"\n\t\t\t\tdata-image-id=\"9\"\n\t\t\t\tdata-title=\"AULA DE ATENCION TEMPRANA 1_600_304\"\n\t\t\t\tdata-description=\" \"\n\t\t\t\tdata-image-slug=\"aula-de-atencion-temprana-1_600_304\"\n\t\t\t\t\t\t\t\t\t\t\t\t\t\t\t\t\t\t\t\tclass=\"ngg-fancybox\" rel=\"484d9359f42934b54a6263c3dbf67aa7\">\n\t\t\t\t\t\t\t\t<img\n\t\t\t\t\ttitle=\"AULA DE ATENCION TEMPRANA 1_600_304\"\n\t\t\t\t\talt=\"AULA DE ATENCION TEMPRANA 1_600_304\"\n\t\t\t\t\tsrc=\"https:\/\/www.autismomalaga.org\/web\/wp-content\/gallery\/centro-quintas-alegre\/thumbs\/thumbs_AULA-DE-ATENCION-TEMPRANA-1_600_304.jpg\"\n\t\t\t\t\twidth=\"120\"\n\t\t\t\t\theight=\"90\"\n\t\t\t\t\tstyle=\"max-width:100%;\"\n\t\t\t\t\/>\n\t\t\t<\/a>\n\t\t<\/div>\n\t\t\t\t\t\t\t<\/div>\n\t\t\t\n\t\t\n\t\t\t\t<div id=\"ngg-image-4\" class=\"ngg-gallery-thumbnail-box\"\n\t\t\t\t\t\t\t\t\t\t\t>\n\t\t\t\t\t\t<div class=\"ngg-gallery-thumbnail\">\n\t\t\t<a href=\"https:\/\/www.autismomalaga.org\/web\/wp-content\/gallery\/centro-quintas-alegre\/AULA-DE-TERAPIA-4_600_304.jpg\"\n\t\t\t\ttitle=\" \"\n\t\t\t\tdata-src=\"https:\/\/www.autismomalaga.org\/web\/wp-content\/gallery\/centro-quintas-alegre\/AULA-DE-TERAPIA-4_600_304.jpg\"\n\t\t\t\tdata-thumbnail=\"https:\/\/www.autismomalaga.org\/web\/wp-content\/gallery\/centro-quintas-alegre\/thumbs\/thumbs_AULA-DE-TERAPIA-4_600_304.jpg\"\n\t\t\t\tdata-image-id=\"10\"\n\t\t\t\tdata-title=\"AULA DE TERAPIA 4_600_304\"\n\t\t\t\tdata-description=\" \"\n\t\t\t\tdata-image-slug=\"aula-de-terapia-4_600_304\"\n\t\t\t\t\t\t\t\t\t\t\t\t\t\t\t\t\t\t\t\tclass=\"ngg-fancybox\" rel=\"484d9359f42934b54a6263c3dbf67aa7\">\n\t\t\t\t\t\t\t\t<img\n\t\t\t\t\ttitle=\"AULA DE TERAPIA 4_600_304\"\n\t\t\t\t\talt=\"AULA DE TERAPIA 4_600_304\"\n\t\t\t\t\tsrc=\"https:\/\/www.autismomalaga.org\/web\/wp-content\/gallery\/centro-quintas-alegre\/thumbs\/thumbs_AULA-DE-TERAPIA-4_600_304.jpg\"\n\t\t\t\t\twidth=\"120\"\n\t\t\t\t\theight=\"90\"\n\t\t\t\t\tstyle=\"max-width:100%;\"\n\t\t\t\t\/>\n\t\t\t<\/a>\n\t\t<\/div>\n\t\t\t\t\t\t\t<\/div>\n\t\t\t\n\t\t\n\t\t\t\t<div id=\"ngg-image-5\" class=\"ngg-gallery-thumbnail-box\"\n\t\t\t\t\t\t\t\t\t\t\t>\n\t\t\t\t\t\t<div class=\"ngg-gallery-thumbnail\">\n\t\t\t<a href=\"https:\/\/www.autismomalaga.org\/web\/wp-content\/gallery\/centro-quintas-alegre\/BA%C3%91O-4_450_304.jpg\"\n\t\t\t\ttitle=\" \"\n\t\t\t\tdata-src=\"https:\/\/www.autismomalaga.org\/web\/wp-content\/gallery\/centro-quintas-alegre\/BA%C3%91O-4_450_304.jpg\"\n\t\t\t\tdata-thumbnail=\"https:\/\/www.autismomalaga.org\/web\/wp-content\/gallery\/centro-quintas-alegre\/thumbs\/thumbs_BA%C3%91O-4_450_304.jpg\"\n\t\t\t\tdata-image-id=\"11\"\n\t\t\t\tdata-title=\"BA\u00d1O 4_450_304\"\n\t\t\t\tdata-description=\" \"\n\t\t\t\tdata-image-slug=\"ba%c3%b1o-4_450_304-1\"\n\t\t\t\t\t\t\t\t\t\t\t\t\t\t\t\t\t\t\t\tclass=\"ngg-fancybox\" rel=\"484d9359f42934b54a6263c3dbf67aa7\">\n\t\t\t\t\t\t\t\t<img\n\t\t\t\t\ttitle=\"BA\u00d1O 4_450_304\"\n\t\t\t\t\talt=\"BA\u00d1O 4_450_304\"\n\t\t\t\t\tsrc=\"https:\/\/www.autismomalaga.org\/web\/wp-content\/gallery\/centro-quintas-alegre\/thumbs\/thumbs_BA%C3%91O-4_450_304.jpg\"\n\t\t\t\t\twidth=\"120\"\n\t\t\t\t\theight=\"90\"\n\t\t\t\t\tstyle=\"max-width:100%;\"\n\t\t\t\t\/>\n\t\t\t<\/a>\n\t\t<\/div>\n\t\t\t\t\t\t\t<\/div>\n\t\t\t\n\t\t\n\t\t\t\t<div id=\"ngg-image-6\" class=\"ngg-gallery-thumbnail-box\"\n\t\t\t\t\t\t\t\t\t\t\t>\n\t\t\t\t\t\t<div class=\"ngg-gallery-thumbnail\">\n\t\t\t<a href=\"https:\/\/www.autismomalaga.org\/web\/wp-content\/gallery\/centro-quintas-alegre\/COCINA-1_600_304.jpg\"\n\t\t\t\ttitle=\" \"\n\t\t\t\tdata-src=\"https:\/\/www.autismomalaga.org\/web\/wp-content\/gallery\/centro-quintas-alegre\/COCINA-1_600_304.jpg\"\n\t\t\t\tdata-thumbnail=\"https:\/\/www.autismomalaga.org\/web\/wp-content\/gallery\/centro-quintas-alegre\/thumbs\/thumbs_COCINA-1_600_304.jpg\"\n\t\t\t\tdata-image-id=\"12\"\n\t\t\t\tdata-title=\"COCINA 1_600_304\"\n\t\t\t\tdata-description=\" \"\n\t\t\t\tdata-image-slug=\"cocina-1_600_304\"\n\t\t\t\t\t\t\t\t\t\t\t\t\t\t\t\t\t\t\t\tclass=\"ngg-fancybox\" rel=\"484d9359f42934b54a6263c3dbf67aa7\">\n\t\t\t\t\t\t\t\t<img\n\t\t\t\t\ttitle=\"COCINA 1_600_304\"\n\t\t\t\t\talt=\"COCINA 1_600_304\"\n\t\t\t\t\tsrc=\"https:\/\/www.autismomalaga.org\/web\/wp-content\/gallery\/centro-quintas-alegre\/thumbs\/thumbs_COCINA-1_600_304.jpg\"\n\t\t\t\t\twidth=\"120\"\n\t\t\t\t\theight=\"90\"\n\t\t\t\t\tstyle=\"max-width:100%;\"\n\t\t\t\t\/>\n\t\t\t<\/a>\n\t\t<\/div>\n\t\t\t\t\t\t\t<\/div>\n\t\t\t\n\t\t\n\t\t\t\t<div id=\"ngg-image-7\" class=\"ngg-gallery-thumbnail-box\"\n\t\t\t\t\t\t\t\t\t\t\t>\n\t\t\t\t\t\t<div class=\"ngg-gallery-thumbnail\">\n\t\t\t<a href=\"https:\/\/www.autismomalaga.org\/web\/wp-content\/gallery\/centro-quintas-alegre\/HABITACION-1_600_304.jpg\"\n\t\t\t\ttitle=\" \"\n\t\t\t\tdata-src=\"https:\/\/www.autismomalaga.org\/web\/wp-content\/gallery\/centro-quintas-alegre\/HABITACION-1_600_304.jpg\"\n\t\t\t\tdata-thumbnail=\"https:\/\/www.autismomalaga.org\/web\/wp-content\/gallery\/centro-quintas-alegre\/thumbs\/thumbs_HABITACION-1_600_304.jpg\"\n\t\t\t\tdata-image-id=\"13\"\n\t\t\t\tdata-title=\"HABITACION 1_600_304\"\n\t\t\t\tdata-description=\" \"\n\t\t\t\tdata-image-slug=\"habitacion-1_600_304\"\n\t\t\t\t\t\t\t\t\t\t\t\t\t\t\t\t\t\t\t\tclass=\"ngg-fancybox\" rel=\"484d9359f42934b54a6263c3dbf67aa7\">\n\t\t\t\t\t\t\t\t<img\n\t\t\t\t\ttitle=\"HABITACION 1_600_304\"\n\t\t\t\t\talt=\"HABITACION 1_600_304\"\n\t\t\t\t\tsrc=\"https:\/\/www.autismomalaga.org\/web\/wp-content\/gallery\/centro-quintas-alegre\/thumbs\/thumbs_HABITACION-1_600_304.jpg\"\n\t\t\t\t\twidth=\"120\"\n\t\t\t\t\theight=\"90\"\n\t\t\t\t\tstyle=\"max-width:100%;\"\n\t\t\t\t\/>\n\t\t\t<\/a>\n\t\t<\/div>\n\t\t\t\t\t\t\t<\/div>\n\t\t\t\n\t\t\n\t\t\t\t<div id=\"ngg-image-8\" class=\"ngg-gallery-thumbnail-box\"\n\t\t\t\t\t\t\t\t\t\t\t>\n\t\t\t\t\t\t<div class=\"ngg-gallery-thumbnail\">\n\t\t\t<a href=\"https:\/\/www.autismomalaga.org\/web\/wp-content\/gallery\/centro-quintas-alegre\/HABITACION-2_600_304.jpg\"\n\t\t\t\ttitle=\" \"\n\t\t\t\tdata-src=\"https:\/\/www.autismomalaga.org\/web\/wp-content\/gallery\/centro-quintas-alegre\/HABITACION-2_600_304.jpg\"\n\t\t\t\tdata-thumbnail=\"https:\/\/www.autismomalaga.org\/web\/wp-content\/gallery\/centro-quintas-alegre\/thumbs\/thumbs_HABITACION-2_600_304.jpg\"\n\t\t\t\tdata-image-id=\"14\"\n\t\t\t\tdata-title=\"HABITACION 2_600_304\"\n\t\t\t\tdata-description=\" \"\n\t\t\t\tdata-image-slug=\"habitacion-2_600_304\"\n\t\t\t\t\t\t\t\t\t\t\t\t\t\t\t\t\t\t\t\tclass=\"ngg-fancybox\" rel=\"484d9359f42934b54a6263c3dbf67aa7\">\n\t\t\t\t\t\t\t\t<img\n\t\t\t\t\ttitle=\"HABITACION 2_600_304\"\n\t\t\t\t\talt=\"HABITACION 2_600_304\"\n\t\t\t\t\tsrc=\"https:\/\/www.autismomalaga.org\/web\/wp-content\/gallery\/centro-quintas-alegre\/thumbs\/thumbs_HABITACION-2_600_304.jpg\"\n\t\t\t\t\twidth=\"120\"\n\t\t\t\t\theight=\"90\"\n\t\t\t\t\tstyle=\"max-width:100%;\"\n\t\t\t\t\/>\n\t\t\t<\/a>\n\t\t<\/div>\n\t\t\t\t\t\t\t<\/div>\n\t\t\t\n\t\t\n\t\t\t\t<div id=\"ngg-image-9\" class=\"ngg-gallery-thumbnail-box\"\n\t\t\t\t\t\t\t\t\t\t\t>\n\t\t\t\t\t\t<div class=\"ngg-gallery-thumbnail\">\n\t\t\t<a href=\"https:\/\/www.autismomalaga.org\/web\/wp-content\/gallery\/centro-quintas-alegre\/PATIO-4_600_304.jpg\"\n\t\t\t\ttitle=\" \"\n\t\t\t\tdata-src=\"https:\/\/www.autismomalaga.org\/web\/wp-content\/gallery\/centro-quintas-alegre\/PATIO-4_600_304.jpg\"\n\t\t\t\tdata-thumbnail=\"https:\/\/www.autismomalaga.org\/web\/wp-content\/gallery\/centro-quintas-alegre\/thumbs\/thumbs_PATIO-4_600_304.jpg\"\n\t\t\t\tdata-image-id=\"15\"\n\t\t\t\tdata-title=\"PATIO 4_600_304\"\n\t\t\t\tdata-description=\" \"\n\t\t\t\tdata-image-slug=\"patio-4_600_304\"\n\t\t\t\t\t\t\t\t\t\t\t\t\t\t\t\t\t\t\t\tclass=\"ngg-fancybox\" rel=\"484d9359f42934b54a6263c3dbf67aa7\">\n\t\t\t\t\t\t\t\t<img\n\t\t\t\t\ttitle=\"PATIO 4_600_304\"\n\t\t\t\t\talt=\"PATIO 4_600_304\"\n\t\t\t\t\tsrc=\"https:\/\/www.autismomalaga.org\/web\/wp-content\/gallery\/centro-quintas-alegre\/thumbs\/thumbs_PATIO-4_600_304.jpg\"\n\t\t\t\t\twidth=\"120\"\n\t\t\t\t\theight=\"90\"\n\t\t\t\t\tstyle=\"max-width:100%;\"\n\t\t\t\t\/>\n\t\t\t<\/a>\n\t\t<\/div>\n\t\t\t\t\t\t\t<\/div>\n\t\t\t\n\t\t\n\t\t\t\t<div id=\"ngg-image-10\" class=\"ngg-gallery-thumbnail-box\"\n\t\t\t\t\t\t\t\t\t\t\t>\n\t\t\t\t\t\t<div class=\"ngg-gallery-thumbnail\">\n\t\t\t<a href=\"https:\/\/www.autismomalaga.org\/web\/wp-content\/gallery\/centro-quintas-alegre\/PATIO-5_600_304.jpg\"\n\t\t\t\ttitle=\" \"\n\t\t\t\tdata-src=\"https:\/\/www.autismomalaga.org\/web\/wp-content\/gallery\/centro-quintas-alegre\/PATIO-5_600_304.jpg\"\n\t\t\t\tdata-thumbnail=\"https:\/\/www.autismomalaga.org\/web\/wp-content\/gallery\/centro-quintas-alegre\/thumbs\/thumbs_PATIO-5_600_304.jpg\"\n\t\t\t\tdata-image-id=\"16\"\n\t\t\t\tdata-title=\"PATIO 5_600_304\"\n\t\t\t\tdata-description=\" \"\n\t\t\t\tdata-image-slug=\"patio-5_600_304\"\n\t\t\t\t\t\t\t\t\t\t\t\t\t\t\t\t\t\t\t\tclass=\"ngg-fancybox\" rel=\"484d9359f42934b54a6263c3dbf67aa7\">\n\t\t\t\t\t\t\t\t<img\n\t\t\t\t\ttitle=\"PATIO 5_600_304\"\n\t\t\t\t\talt=\"PATIO 5_600_304\"\n\t\t\t\t\tsrc=\"https:\/\/www.autismomalaga.org\/web\/wp-content\/gallery\/centro-quintas-alegre\/thumbs\/thumbs_PATIO-5_600_304.jpg\"\n\t\t\t\t\twidth=\"120\"\n\t\t\t\t\theight=\"90\"\n\t\t\t\t\tstyle=\"max-width:100%;\"\n\t\t\t\t\/>\n\t\t\t<\/a>\n\t\t<\/div>\n\t\t\t\t\t\t\t<\/div>\n\t\t\t\n\t\t\n\t\t\t\t<div id=\"ngg-image-11\" class=\"ngg-gallery-thumbnail-box\"\n\t\t\t\t\t\t\t\t\t\t\t>\n\t\t\t\t\t\t<div class=\"ngg-gallery-thumbnail\">\n\t\t\t<a href=\"https:\/\/www.autismomalaga.org\/web\/wp-content\/gallery\/centro-quintas-alegre\/PISCINA_600_304.jpg\"\n\t\t\t\ttitle=\" \"\n\t\t\t\tdata-src=\"https:\/\/www.autismomalaga.org\/web\/wp-content\/gallery\/centro-quintas-alegre\/PISCINA_600_304.jpg\"\n\t\t\t\tdata-thumbnail=\"https:\/\/www.autismomalaga.org\/web\/wp-content\/gallery\/centro-quintas-alegre\/thumbs\/thumbs_PISCINA_600_304.jpg\"\n\t\t\t\tdata-image-id=\"17\"\n\t\t\t\tdata-title=\"PISCINA_600_304\"\n\t\t\t\tdata-description=\" \"\n\t\t\t\tdata-image-slug=\"piscina_600_304\"\n\t\t\t\t\t\t\t\t\t\t\t\t\t\t\t\t\t\t\t\tclass=\"ngg-fancybox\" rel=\"484d9359f42934b54a6263c3dbf67aa7\">\n\t\t\t\t\t\t\t\t<img\n\t\t\t\t\ttitle=\"PISCINA_600_304\"\n\t\t\t\t\talt=\"PISCINA_600_304\"\n\t\t\t\t\tsrc=\"https:\/\/www.autismomalaga.org\/web\/wp-content\/gallery\/centro-quintas-alegre\/thumbs\/thumbs_PISCINA_600_304.jpg\"\n\t\t\t\t\twidth=\"120\"\n\t\t\t\t\theight=\"90\"\n\t\t\t\t\tstyle=\"max-width:100%;\"\n\t\t\t\t\/>\n\t\t\t<\/a>\n\t\t<\/div>\n\t\t\t\t\t\t\t<\/div>\n\t\t\t\n\t\t\n\t\t\t\t<div id=\"ngg-image-12\" class=\"ngg-gallery-thumbnail-box\"\n\t\t\t\t\t\t\t\t\t\t\t>\n\t\t\t\t\t\t<div class=\"ngg-gallery-thumbnail\">\n\t\t\t<a href=\"https:\/\/www.autismomalaga.org\/web\/wp-content\/gallery\/centro-quintas-alegre\/SALA-DE-JUNTAS-2_600_304.jpg\"\n\t\t\t\ttitle=\" \"\n\t\t\t\tdata-src=\"https:\/\/www.autismomalaga.org\/web\/wp-content\/gallery\/centro-quintas-alegre\/SALA-DE-JUNTAS-2_600_304.jpg\"\n\t\t\t\tdata-thumbnail=\"https:\/\/www.autismomalaga.org\/web\/wp-content\/gallery\/centro-quintas-alegre\/thumbs\/thumbs_SALA-DE-JUNTAS-2_600_304.jpg\"\n\t\t\t\tdata-image-id=\"18\"\n\t\t\t\tdata-title=\"SALA DE JUNTAS 2_600_304\"\n\t\t\t\tdata-description=\" \"\n\t\t\t\tdata-image-slug=\"sala-de-juntas-2_600_304\"\n\t\t\t\t\t\t\t\t\t\t\t\t\t\t\t\t\t\t\t\tclass=\"ngg-fancybox\" rel=\"484d9359f42934b54a6263c3dbf67aa7\">\n\t\t\t\t\t\t\t\t<img\n\t\t\t\t\ttitle=\"SALA DE JUNTAS 2_600_304\"\n\t\t\t\t\talt=\"SALA DE JUNTAS 2_600_304\"\n\t\t\t\t\tsrc=\"https:\/\/www.autismomalaga.org\/web\/wp-content\/gallery\/centro-quintas-alegre\/thumbs\/thumbs_SALA-DE-JUNTAS-2_600_304.jpg\"\n\t\t\t\t\twidth=\"120\"\n\t\t\t\t\theight=\"90\"\n\t\t\t\t\tstyle=\"max-width:100%;\"\n\t\t\t\t\/>\n\t\t\t<\/a>\n\t\t<\/div>\n\t\t\t\t\t\t\t<\/div>\n\t\t\t\n\t\t\n\t\t\t\t<div id=\"ngg-image-13\" class=\"ngg-gallery-thumbnail-box\"\n\t\t\t\t\t\t\t\t\t\t\t>\n\t\t\t\t\t\t<div class=\"ngg-gallery-thumbnail\">\n\t\t\t<a href=\"https:\/\/www.autismomalaga.org\/web\/wp-content\/gallery\/centro-quintas-alegre\/SEDE-SOCIAL-1_600_304.jpg\"\n\t\t\t\ttitle=\" \"\n\t\t\t\tdata-src=\"https:\/\/www.autismomalaga.org\/web\/wp-content\/gallery\/centro-quintas-alegre\/SEDE-SOCIAL-1_600_304.jpg\"\n\t\t\t\tdata-thumbnail=\"https:\/\/www.autismomalaga.org\/web\/wp-content\/gallery\/centro-quintas-alegre\/thumbs\/thumbs_SEDE-SOCIAL-1_600_304.jpg\"\n\t\t\t\tdata-image-id=\"19\"\n\t\t\t\tdata-title=\"SEDE SOCIAL 1_600_304\"\n\t\t\t\tdata-description=\" \"\n\t\t\t\tdata-image-slug=\"sede-social-1_600_304\"\n\t\t\t\t\t\t\t\t\t\t\t\t\t\t\t\t\t\t\t\tclass=\"ngg-fancybox\" rel=\"484d9359f42934b54a6263c3dbf67aa7\">\n\t\t\t\t\t\t\t\t<img\n\t\t\t\t\ttitle=\"SEDE SOCIAL 1_600_304\"\n\t\t\t\t\talt=\"SEDE SOCIAL 1_600_304\"\n\t\t\t\t\tsrc=\"https:\/\/www.autismomalaga.org\/web\/wp-content\/gallery\/centro-quintas-alegre\/thumbs\/thumbs_SEDE-SOCIAL-1_600_304.jpg\"\n\t\t\t\t\twidth=\"120\"\n\t\t\t\t\theight=\"90\"\n\t\t\t\t\tstyle=\"max-width:100%;\"\n\t\t\t\t\/>\n\t\t\t<\/a>\n\t\t<\/div>\n\t\t\t\t\t\t\t<\/div>\n\t\t\t\n\t\t\n\t\t\n\t\t<!-- Pagination -->\n\t\t<div class='ngg-clear'><\/div>\t<\/div>\n<\/p>\n<p>[\/et_pb_text][\/et_pb_column][\/et_pb_row][\/et_pb_section]<\/p>\n","protected":false},"excerpt":{"rendered":"<p>[et_pb_section background_color=\u00bb#9c53ad\u00bb inner_shadow=\u00bboff\u00bb parallax=\u00bboff\u00bb][et_pb_row][et_pb_column type=\u00bb4_4&#8243;][et_pb_text admin_label=\u00bbText\u00bb background_layout=\u00bbdark\u00bb text_orientation=\u00bbleft\u00bb] El centro [\/et_pb_text][\/et_pb_column][\/et_pb_row][\/et_pb_section][et_pb_section fullwidth=\u00bboff\u00bb][et_pb_row][et_pb_column type=\u00bb1_2&#8243;][et_pb_text admin_label=\u00bbText\u00bb background_layout=\u00bblight\u00bb text_orientation=\u00bbleft\u00bb] El Centro \u201cQuinta Alegre\u201d de la Asociaci\u00f3n Autismo M\u00e1laga est\u00e1 ubicado en la C\/Juan [&hellip;]<\/p>\n","protected":false},"author":1,"featured_media":0,"parent":47,"menu_order":0,"comment_status":"open","ping_status":"open","template":"","meta":{"give_campaign_id":0,"ngg_post_thumbnail":0,"_EventAllDay":false,"_EventTimezone":"","_EventStartDate":"","_EventEndDate":"","_EventStartDateUTC":"","_EventEndDateUTC":"","_EventShowMap":false,"_EventShowMapLink":false,"_EventURL":"","_EventCost":"","_EventCostDescription":"","_EventCurrencySymbol":"","_EventCurrencyCode":"","_EventCurrencyPosition":"","_EventDateTimeSeparator":"","_EventTimeRangeSeparator":"","_EventOrganizerID":[],"_EventVenueID":[],"_OrganizerEmail":"","_OrganizerPhone":"","_OrganizerWebsite":"","_VenueAddress":"","_VenueCity":"","_VenueCountry":"","_VenueProvince":"","_VenueState":"","_VenueZip":"","_VenuePhone":"","_VenueURL":"","_VenueStateProvince":"","_VenueLat":"","_VenueLng":"","_VenueShowMap":false,"_VenueShowMapLink":false,"footnotes":""},"class_list":["post-49","page","type-page","status-publish","hentry"],"campaignId":"","jetpack_sharing_enabled":true,"_links":{"self":[{"href":"https:\/\/www.autismomalaga.org\/web\/index.php?rest_route=\/wp\/v2\/pages\/49","targetHints":{"allow":["GET"]}}],"collection":[{"href":"https:\/\/www.autismomalaga.org\/web\/index.php?rest_route=\/wp\/v2\/pages"}],"about":[{"href":"https:\/\/www.autismomalaga.org\/web\/index.php?rest_route=\/wp\/v2\/types\/page"}],"author":[{"embeddable":true,"href":"https:\/\/www.autismomalaga.org\/web\/index.php?rest_route=\/wp\/v2\/users\/1"}],"replies":[{"embeddable":true,"href":"https:\/\/www.autismomalaga.org\/web\/index.php?rest_route=%2Fwp%2Fv2%2Fcomments&post=49"}],"version-history":[{"count":8,"href":"https:\/\/www.autismomalaga.org\/web\/index.php?rest_route=\/wp\/v2\/pages\/49\/revisions"}],"predecessor-version":[{"id":1388,"href":"https:\/\/www.autismomalaga.org\/web\/index.php?rest_route=\/wp\/v2\/pages\/49\/revisions\/1388"}],"up":[{"embeddable":true,"href":"https:\/\/www.autismomalaga.org\/web\/index.php?rest_route=\/wp\/v2\/pages\/47"}],"wp:attachment":[{"href":"https:\/\/www.autismomalaga.org\/web\/index.php?rest_route=%2Fwp%2Fv2%2Fmedia&parent=49"}],"curies":[{"name":"wp","href":"https:\/\/api.w.org\/{rel}","templated":true}]}}