{"id":63,"date":"2014-03-03T09:56:10","date_gmt":"2014-03-03T09:56:10","guid":{"rendered":"http:\/\/www.autismomalaga.org\/wordpress\/?page_id=63"},"modified":"2025-03-25T19:46:29","modified_gmt":"2025-03-25T18:46:29","slug":"historia-y-evolucion","status":"publish","type":"page","link":"https:\/\/www.autismomalaga.org\/web\/?page_id=63","title":{"rendered":"Historia y evoluci\u00f3n"},"content":{"rendered":"<p>[et_pb_section background_color=\u00bb#FFFFFF\u00bb inner_shadow=\u00bboff\u00bb parallax=\u00bboff\u00bb][et_pb_row][et_pb_column type=\u00bb4_4&#8243;][et_pb_text admin_label=\u00bbText\u00bb background_layout=\u00bblight\u00bb text_orientation=\u00bbleft\u00bb]<\/p>\n<h6>01<\/h6>\n<p><span style=\"font-size: x-large; color: #33cccc;\"><strong>Historia<\/strong><\/span><\/p>\n<p>Desde finales de los a\u00f1os 80, los padres de la Asociaci\u00f3n \u201cAutismo M\u00e1laga\u201d pusieron en marcha un proyecto surgido ante la inquietud generada por la falta de recursos residenciales adecuados para las personas adultas con Trastornos del Espectro Autista.<\/p>\n<p><strong>Conocer Historia<\/strong><\/p>\n<p>[\/et_pb_text][\/et_pb_column][\/et_pb_row][\/et_pb_section][et_pb_section fullwidth=\u00bboff\u00bb][et_pb_row][et_pb_column type=\u00bb4_4&#8243;][et_pb_text admin_label=\u00bbText\u00bb background_layout=\u00bblight\u00bb text_orientation=\u00bbleft\u00bb]<\/p>\n<h6>02<\/h6>\n<p><span style=\"color: #33cccc;\">Personal y organigrama<\/span><\/p>\n<p>&nbsp;<\/p>\n<p style=\"text-align: justify;\">La Residencia Pinares cuenta con un grupo de personas que hacen posible el funcionamiento del centro. El personal se estructura en torno a las siguientes categor\u00edas.<\/p>\n<p><strong>Saber m\u00e1s<\/strong><\/p>\n<p>&nbsp;<\/p>\n\n\n<figure class=\"wp-block-image size-large is-resized\"><a href=\"https:\/\/www.autismomalaga.org\/web\/wp-content\/uploads\/2025\/03\/LOGO-AUTISMO-MALAGA-3.png\"><img loading=\"lazy\" decoding=\"async\" width=\"1024\" height=\"923\" src=\"https:\/\/www.autismomalaga.org\/web\/wp-content\/uploads\/2025\/03\/LOGO-AUTISMO-MALAGA-3-1024x923.png\" alt=\"\" class=\"wp-image-24201\" style=\"width:78px;height:auto\" srcset=\"https:\/\/www.autismomalaga.org\/web\/wp-content\/uploads\/2025\/03\/LOGO-AUTISMO-MALAGA-3-1024x923.png 1024w, https:\/\/www.autismomalaga.org\/web\/wp-content\/uploads\/2025\/03\/LOGO-AUTISMO-MALAGA-3-300x271.png 300w, https:\/\/www.autismomalaga.org\/web\/wp-content\/uploads\/2025\/03\/LOGO-AUTISMO-MALAGA-3-768x692.png 768w, https:\/\/www.autismomalaga.org\/web\/wp-content\/uploads\/2025\/03\/LOGO-AUTISMO-MALAGA-3-1080x974.png 1080w, https:\/\/www.autismomalaga.org\/web\/wp-content\/uploads\/2025\/03\/LOGO-AUTISMO-MALAGA-3.png 1373w\" sizes=\"auto, (max-width: 1024px) 100vw, 1024px\" \/><\/a><\/figure>\n\n\n\n<p>Mejoramos la calidad de vida de las personas con Trastorno del Espectro del Autismo.<\/p>\n\n\n\n<figure class=\"wp-block-image size-full\"><a href=\"https:\/\/www.autismomalaga.org\/web\/wp-content\/uploads\/2025\/03\/Captura-de-pantalla-2025-03-24-202245.png\"><img loading=\"lazy\" decoding=\"async\" width=\"138\" height=\"45\" src=\"https:\/\/www.autismomalaga.org\/web\/wp-content\/uploads\/2025\/03\/Captura-de-pantalla-2025-03-24-202245.png\" alt=\"\" class=\"wp-image-24197\"\/><\/a><\/figure>\n\n\n\n<p><strong>Centro Pinares<\/strong><\/p>\n\n\n\n<p>Avda. Hern\u00e1n N\u00fa\u00f1ez de Toledo n\u00ba1<br>CP: 29017. M\u00e1laga<br>Tlf. 952 296 404<br>direccioncentropinares@gmail.com<\/p>\n\n\n\n<p>Copyright \u00a9 2024 Autismo M\u00e1laga.<\/p>\n\n\n\n<p>[\/et_pb_text][\/et_pb_column][\/et_pb_row][\/et_pb_section][et_pb_section fullwidth=\u00bboff\u00bb][et_pb_row][et_pb_column type=\u00bb4_4&#8243;][et_pb_text admin_label=\u00bbText\u00bb background_layout=\u00bblight\u00bb text_orientation=\u00bbleft\u00bb]<\/p>\n\n\n\n<ul class=\"wp-block-list\">\n<li><a href=\"https:\/\/www.autismomalaga.org\/wp-content\/uploads\/2023\/06\/POLITICA-AUTISMO-MALAGA.pdf\">Pol\u00edtica de calidad<\/a><\/li>\n<\/ul>\n\n\n\n<p>[\/et_pb_text][\/et_pb_column][\/et_pb_row][\/et_pb_section][et_pb_section fullwidth=\u00bboff\u00bb][et_pb_row][et_pb_column type=\u00bb4_4&#8243;][et_pb_text admin_label=\u00bbText\u00bb background_layout=\u00bblight\u00bb text_orientation=\u00bbleft\u00bb]<\/p>\n","protected":false},"excerpt":{"rendered":"<p>[et_pb_section background_color=\u00bb#FFFFFF\u00bb inner_shadow=\u00bboff\u00bb parallax=\u00bboff\u00bb][et_pb_row][et_pb_column type=\u00bb4_4&#8243;][et_pb_text admin_label=\u00bbText\u00bb background_layout=\u00bblight\u00bb text_orientation=\u00bbleft\u00bb] 01 Historia Desde finales de los a\u00f1os 80, los padres de la Asociaci\u00f3n \u201cAutismo M\u00e1laga\u201d pusieron en marcha un proyecto surgido ante [&hellip;]<\/p>\n","protected":false},"author":1,"featured_media":0,"parent":57,"menu_order":0,"comment_status":"open","ping_status":"open","template":"","meta":{"give_campaign_id":0,"ngg_post_thumbnail":0,"_EventAllDay":false,"_EventTimezone":"","_EventStartDate":"","_EventEndDate":"","_EventStartDateUTC":"","_EventEndDateUTC":"","_EventShowMap":false,"_EventShowMapLink":false,"_EventURL":"","_EventCost":"","_EventCostDescription":"","_EventCurrencySymbol":"","_EventCurrencyCode":"","_EventCurrencyPosition":"","_EventDateTimeSeparator":"","_EventTimeRangeSeparator":"","_EventOrganizerID":[],"_EventVenueID":[],"_OrganizerEmail":"","_OrganizerPhone":"","_OrganizerWebsite":"","_VenueAddress":"","_VenueCity":"","_VenueCountry":"","_VenueProvince":"","_VenueState":"","_VenueZip":"","_VenuePhone":"","_VenueURL":"","_VenueStateProvince":"","_VenueLat":"","_VenueLng":"","_VenueShowMap":false,"_VenueShowMapLink":false,"footnotes":""},"class_list":["post-63","page","type-page","status-publish","hentry"],"campaignId":"","jetpack_sharing_enabled":true,"_links":{"self":[{"href":"https:\/\/www.autismomalaga.org\/web\/index.php?rest_route=\/wp\/v2\/pages\/63","targetHints":{"allow":["GET"]}}],"collection":[{"href":"https:\/\/www.autismomalaga.org\/web\/index.php?rest_route=\/wp\/v2\/pages"}],"about":[{"href":"https:\/\/www.autismomalaga.org\/web\/index.php?rest_route=\/wp\/v2\/types\/page"}],"author":[{"embeddable":true,"href":"https:\/\/www.autismomalaga.org\/web\/index.php?rest_route=\/wp\/v2\/users\/1"}],"replies":[{"embeddable":true,"href":"https:\/\/www.autismomalaga.org\/web\/index.php?rest_route=%2Fwp%2Fv2%2Fcomments&post=63"}],"version-history":[{"count":12,"href":"https:\/\/www.autismomalaga.org\/web\/index.php?rest_route=\/wp\/v2\/pages\/63\/revisions"}],"predecessor-version":[{"id":24210,"href":"https:\/\/www.autismomalaga.org\/web\/index.php?rest_route=\/wp\/v2\/pages\/63\/revisions\/24210"}],"up":[{"embeddable":true,"href":"https:\/\/www.autismomalaga.org\/web\/index.php?rest_route=\/wp\/v2\/pages\/57"}],"wp:attachment":[{"href":"https:\/\/www.autismomalaga.org\/web\/index.php?rest_route=%2Fwp%2Fv2%2Fmedia&parent=63"}],"curies":[{"name":"wp","href":"https:\/\/api.w.org\/{rel}","templated":true}]}}